{"id":1304,"date":"2024-09-13T00:07:53","date_gmt":"2024-09-12T22:07:53","guid":{"rendered":"https:\/\/kulturverein-afrokonexion.org\/?page_id=1304"},"modified":"2024-09-18T19:50:48","modified_gmt":"2024-09-18T17:50:48","slug":"gestion-des-donnees-personnelles","status":"publish","type":"page","link":"https:\/\/kulturverein-afrokonexion.org\/de\/gestion-des-donnees-personnelles\/","title":{"rendered":"Gestion des Donn\u00e9es Personnelles (RGPD)"},"content":{"rendered":"<div data-elementor-type=\"wp-page\" data-elementor-id=\"1304\" class=\"elementor elementor-1304\">\n\t\t\t\t<div class=\"elementor-element elementor-element-5ac7f40 e-flex e-con-boxed e-con e-parent\" data-id=\"5ac7f40\" data-element_type=\"container\" data-e-type=\"container\" data-settings=\"{&quot;background_background&quot;:&quot;classic&quot;}\">\n\t\t\t\t\t<div class=\"e-con-inner\">\n\t\t<div class=\"elementor-element elementor-element-ff7b85e e-con-full e-flex e-con e-child\" data-id=\"ff7b85e\" data-element_type=\"container\" data-e-type=\"container\">\n\t\t\t\t<div class=\"elementor-element elementor-element-36ab412 elementor-invisible elementor-widget elementor-widget-heading\" data-id=\"36ab412\" data-element_type=\"widget\" data-e-type=\"widget\" data-settings=\"{&quot;_animation&quot;:&quot;fadeIn&quot;,&quot;_animation_delay&quot;:50}\" data-widget_type=\"heading.default\">\n\t\t\t\t<div class=\"elementor-widget-container\">\n\t\t\t\t\t<h2 class=\"elementor-heading-title elementor-size-default\">Kulturverein Afrokonexion e.V<\/h2>\t\t\t\t<\/div>\n\t\t\t\t<\/div>\n\t\t\t\t<div class=\"elementor-element elementor-element-cd8bea0 elementor-invisible elementor-widget elementor-widget-heading\" data-id=\"cd8bea0\" data-element_type=\"widget\" data-e-type=\"widget\" data-settings=\"{&quot;_animation&quot;:&quot;fadeIn&quot;,&quot;_animation_delay&quot;:100}\" data-widget_type=\"heading.default\">\n\t\t\t\t<div class=\"elementor-widget-container\">\n\t\t\t\t\t<h2 class=\"elementor-heading-title elementor-size-default\">Gestion des Donn\u00e9es Personnelles<\/h2>\t\t\t\t<\/div>\n\t\t\t\t<\/div>\n\t\t<div class=\"elementor-element elementor-element-ac97a0a e-con-full e-flex elementor-invisible e-con e-child\" data-id=\"ac97a0a\" data-element_type=\"container\" data-e-type=\"container\" data-settings=\"{&quot;animation&quot;:&quot;fadeIn&quot;,&quot;animation_delay&quot;:20}\">\n\t\t<div class=\"elementor-element elementor-element-3659b2a e-con-full e-flex e-con e-child\" data-id=\"3659b2a\" data-element_type=\"container\" data-e-type=\"container\">\n\t\t\t\t<\/div>\n\t\t\t\t<\/div>\n\t\t\t\t<\/div>\n\t\t\t\t\t<\/div>\n\t\t\t\t<\/div>\n\t\t<div class=\"elementor-element elementor-element-145aeed e-flex e-con-boxed e-con e-parent\" data-id=\"145aeed\" data-element_type=\"container\" data-e-type=\"container\">\n\t\t\t\t\t<div class=\"e-con-inner\">\n\t\t<div class=\"elementor-element elementor-element-0afcfdd e-con-full e-flex e-con e-child\" data-id=\"0afcfdd\" data-element_type=\"container\" data-e-type=\"container\">\n\t\t\t\t<div class=\"elementor-element elementor-element-4722353 elementor-widget elementor-widget-image\" data-id=\"4722353\" data-element_type=\"widget\" data-e-type=\"widget\" data-widget_type=\"image.default\">\n\t\t\t\t<div class=\"elementor-widget-container\">\n\t\t\t\t\t\t\t\t\t\t\t\t\t\t\t<img fetchpriority=\"high\" decoding=\"async\" width=\"1024\" height=\"683\" src=\"https:\/\/kulturverein-afrokonexion.org\/wp-content\/uploads\/2024\/09\/mt7lxzpjk7u-1024x683.jpg\" class=\"attachment-large size-large wp-image-1281\" alt=\"Politique de confidentialit\u00e9 - Afrokonexion e.V\" srcset=\"https:\/\/kulturverein-afrokonexion.org\/wp-content\/uploads\/2024\/09\/mt7lxzpjk7u-1024x683.jpg 1024w, https:\/\/kulturverein-afrokonexion.org\/wp-content\/uploads\/2024\/09\/mt7lxzpjk7u-300x200.jpg 300w, https:\/\/kulturverein-afrokonexion.org\/wp-content\/uploads\/2024\/09\/mt7lxzpjk7u-768x512.jpg 768w, https:\/\/kulturverein-afrokonexion.org\/wp-content\/uploads\/2024\/09\/mt7lxzpjk7u-1536x1024.jpg 1536w, https:\/\/kulturverein-afrokonexion.org\/wp-content\/uploads\/2024\/09\/mt7lxzpjk7u-18x12.jpg 18w, https:\/\/kulturverein-afrokonexion.org\/wp-content\/uploads\/2024\/09\/mt7lxzpjk7u-930x620.jpg 930w, https:\/\/kulturverein-afrokonexion.org\/wp-content\/uploads\/2024\/09\/mt7lxzpjk7u.jpg 1600w\" sizes=\"(max-width: 1024px) 100vw, 1024px\" \/>\t\t\t\t\t\t\t\t\t\t\t\t\t\t\t<\/div>\n\t\t\t\t<\/div>\n\t\t\t\t<\/div>\n\t\t<div class=\"elementor-element elementor-element-55b3fe9 e-con-full e-flex e-con e-child\" data-id=\"55b3fe9\" data-element_type=\"container\" data-e-type=\"container\">\n\t\t\t\t<div class=\"elementor-element elementor-element-f9e88f6 elementor-widget elementor-widget-text-editor\" data-id=\"f9e88f6\" data-element_type=\"widget\" data-e-type=\"widget\" data-widget_type=\"text-editor.default\">\n\t\t\t\t<div class=\"elementor-widget-container\">\n\t\t\t\t\t\t\t\t\t<h4>D\u00e9claration de Conformit\u00e9 au RGPD<\/h4><p>Kulturverein Afrokonexion e.V. s&rsquo;engage \u00e0 respecter le R\u00e8glement G\u00e9n\u00e9ral sur la Protection des Donn\u00e9es (RGPD) et \u00e0 prot\u00e9ger la vie priv\u00e9e de ses utilisateurs.<\/p><h4>DPO (Data Protection Officer)<\/h4><p>Si vous avez des questions ou des pr\u00e9occupations concernant vos donn\u00e9es personnelles, vous pouvez contacter notre D\u00e9l\u00e9gu\u00e9 \u00e0 la Protection des Donn\u00e9es (DPO) \u00e0 l&rsquo;adresse suivante : <a rel=\"noopener\">contact@kulturverein-afrokonexion.org<\/a><\/p>\t\t\t\t\t\t\t\t<\/div>\n\t\t\t\t<\/div>\n\t\t\t\t<\/div>\n\t\t\t\t\t<\/div>\n\t\t\t\t<\/div>\n\t\t<div class=\"elementor-element elementor-element-da40a7e e-flex e-con-boxed e-con e-parent\" data-id=\"da40a7e\" data-element_type=\"container\" data-e-type=\"container\">\n\t\t\t\t\t<div class=\"e-con-inner\">\n\t\t\t\t<div class=\"elementor-element elementor-element-2f44a46 elementor-widget elementor-widget-text-editor\" data-id=\"2f44a46\" data-element_type=\"widget\" data-e-type=\"widget\" data-widget_type=\"text-editor.default\">\n\t\t\t\t<div class=\"elementor-widget-container\">\n\t\t\t\t\t\t\t\t\t<h4>Bases L\u00e9gales du Traitement<\/h4><p>Nous traitons vos donn\u00e9es personnelles sur la base des fondements l\u00e9gaux suivants :<\/p><ul><li>Consentement explicite pour certaines actions (par exemple, inscription \u00e0 la newsletter).<\/li><li>Ex\u00e9cution d&rsquo;un contrat ou de mesures pr\u00e9contractuelles.<\/li><li>Respect des obligations l\u00e9gales.<\/li><li>Int\u00e9r\u00eats l\u00e9gitimes de l&rsquo;association.<\/li><\/ul><h4>Droits des Utilisateurs<\/h4><p>Conform\u00e9ment au RGPD, vous disposez des droits suivants :<\/p><ul><li>Droit d&rsquo;acc\u00e8s \u00e0 vos donn\u00e9es.<\/li><li>Droit de rectification des informations inexactes.<\/li><li>Droit \u00e0 l&rsquo;effacement des donn\u00e9es (droit \u00e0 l&rsquo;oubli).<\/li><li>Droit \u00e0 la limitation du traitement.<\/li><li>Droit d&rsquo;opposition au traitement.<\/li><li>Droit \u00e0 la portabilit\u00e9 des donn\u00e9es.<\/li><\/ul><p>Pour exercer ces droits, veuillez nous contacter \u00e0 : <a rel=\"noopener\">contact@kulturverein-afrokonexion.org<\/a><\/p><h4>Transfert de Donn\u00e9es Hors UE<\/h4><p>Nous nous engageons \u00e0 ne pas transf\u00e9rer vos donn\u00e9es personnelles en dehors de l&rsquo;Espace \u00c9conomique Europ\u00e9en (EEE) sans garantir un niveau de protection ad\u00e9quat.<\/p><h4>Dur\u00e9e de Conservation des Donn\u00e9es<\/h4><p>Nous conservons vos donn\u00e9es personnelles aussi longtemps que n\u00e9cessaire pour les finalit\u00e9s pour lesquelles elles ont \u00e9t\u00e9 collect\u00e9es, sauf si la loi exige une dur\u00e9e de conservation plus longue.<\/p><h4>Kontakt<\/h4><p>Pour toute question ou demande concernant vos donn\u00e9es personnelles, veuillez nous contacter \u00e0 l&rsquo;adresse suivante :<br \/>Email : <a rel=\"noopener\">contact@kulturverein-afrokonexion.org<\/a><br \/>T\u00e9l\u00e9phone : +49 176 70848122<\/p>\t\t\t\t\t\t\t\t<\/div>\n\t\t\t\t<\/div>\n\t\t\t\t\t<\/div>\n\t\t\t\t<\/div>\n\t\t\t\t<\/div>","protected":false},"excerpt":{"rendered":"<p>Kulturverein Afrokonexion e.V Gestion des Donn\u00e9es Personnelles D\u00e9claration de Conformit\u00e9 au RGPD Kulturverein Afrokonexion e.V. s&rsquo;engage \u00e0 respecter le R\u00e8glement [&hellip;]<\/p>\n","protected":false},"author":1,"featured_media":0,"parent":0,"menu_order":0,"comment_status":"closed","ping_status":"closed","template":"","meta":{"site-sidebar-layout":"default","site-content-layout":"","ast-site-content-layout":"default","site-content-style":"default","site-sidebar-style":"default","ast-global-header-display":"","ast-banner-title-visibility":"","ast-main-header-display":"","ast-hfb-above-header-display":"","ast-hfb-below-header-display":"","ast-hfb-mobile-header-display":"","site-post-title":"disabled","ast-breadcrumbs-content":"","ast-featured-img":"","footer-sml-layout":"","theme-transparent-header-meta":"default","adv-header-id-meta":"","stick-header-meta":"","header-above-stick-meta":"","header-main-stick-meta":"","header-below-stick-meta":"","astra-migrate-meta-layouts":"set","ast-page-background-enabled":"default","ast-page-background-meta":{"desktop":{"background-color":"var(--ast-global-color-4)","background-image":"","background-repeat":"repeat","background-position":"center center","background-size":"auto","background-attachment":"scroll","background-type":"","background-media":"","overlay-type":"","overlay-color":"","overlay-opacity":"","overlay-gradient":""},"tablet":{"background-color":"","background-image":"","background-repeat":"repeat","background-position":"center center","background-size":"auto","background-attachment":"scroll","background-type":"","background-media":"","overlay-type":"","overlay-color":"","overlay-opacity":"","overlay-gradient":""},"mobile":{"background-color":"","background-image":"","background-repeat":"repeat","background-position":"center center","background-size":"auto","background-attachment":"scroll","background-type":"","background-media":"","overlay-type":"","overlay-color":"","overlay-opacity":"","overlay-gradient":""}},"ast-content-background-meta":{"desktop":{"background-color":"var(--ast-global-color-5)","background-image":"","background-repeat":"repeat","background-position":"center center","background-size":"auto","background-attachment":"scroll","background-type":"","background-media":"","overlay-type":"","overlay-color":"","overlay-opacity":"","overlay-gradient":""},"tablet":{"background-color":"var(--ast-global-color-5)","background-image":"","background-repeat":"repeat","background-position":"center center","background-size":"auto","background-attachment":"scroll","background-type":"","background-media":"","overlay-type":"","overlay-color":"","overlay-opacity":"","overlay-gradient":""},"mobile":{"background-color":"var(--ast-global-color-5)","background-image":"","background-repeat":"repeat","background-position":"center center","background-size":"auto","background-attachment":"scroll","background-type":"","background-media":"","overlay-type":"","overlay-color":"","overlay-opacity":"","overlay-gradient":""}},"footnotes":""},"class_list":["post-1304","page","type-page","status-publish","hentry"],"_links":{"self":[{"href":"https:\/\/kulturverein-afrokonexion.org\/de\/wp-json\/wp\/v2\/pages\/1304","targetHints":{"allow":["GET"]}}],"collection":[{"href":"https:\/\/kulturverein-afrokonexion.org\/de\/wp-json\/wp\/v2\/pages"}],"about":[{"href":"https:\/\/kulturverein-afrokonexion.org\/de\/wp-json\/wp\/v2\/types\/page"}],"author":[{"embeddable":true,"href":"https:\/\/kulturverein-afrokonexion.org\/de\/wp-json\/wp\/v2\/users\/1"}],"replies":[{"embeddable":true,"href":"https:\/\/kulturverein-afrokonexion.org\/de\/wp-json\/wp\/v2\/comments?post=1304"}],"version-history":[{"count":4,"href":"https:\/\/kulturverein-afrokonexion.org\/de\/wp-json\/wp\/v2\/pages\/1304\/revisions"}],"predecessor-version":[{"id":1311,"href":"https:\/\/kulturverein-afrokonexion.org\/de\/wp-json\/wp\/v2\/pages\/1304\/revisions\/1311"}],"wp:attachment":[{"href":"https:\/\/kulturverein-afrokonexion.org\/de\/wp-json\/wp\/v2\/media?parent=1304"}],"curies":[{"name":"wp","href":"https:\/\/api.w.org\/{rel}","templated":true}]}}